{"id":1207,"date":"2026-07-17T06:39:53","date_gmt":"2026-07-17T06:39:53","guid":{"rendered":"https:\/\/pascal-bouchez-philo.fr\/?page_id=1207"},"modified":"2026-08-30T06:57:22","modified_gmt":"2026-08-30T06:57:22","slug":"philo-genese","status":"publish","type":"page","link":"https:\/\/pascal-bouchez-philo.fr\/?page_id=1207","title":{"rendered":"Philo-Gen\u00e8se"},"content":{"rendered":"\n<div style=\"height:190px\" aria-hidden=\"true\" class=\"wp-block-spacer\"><\/div>\n\n\n\n<p class=\"wp-block-paragraph\">Mon itin\u00e9raire s\u2019articule autour d\u2019une dualit\u00e9 m\u00e9morielle et familiale singuli\u00e8re, o\u00f9 se c\u00f4toient paysans, artisans, ouvriers, commer\u00e7ants et noblesse d\u2019\u00e9p\u00e9e du Nord de la France.<\/p>\n\n\n\n<p class=\"wp-block-paragraph\">Ces influences crois\u00e9es agissent comme un atavisme cr\u00e9ateur \u2013 une de ces empreintes silencieuses o\u00f9 l\u2019histoire des lign\u00e9es, aujourd\u2019hui reconnue pour s\u2019inscrire au plus profond de notre m\u00e9moire biologique, s\u2019exprime naturellement \u00e0 travers des choix d\u2019existence.<\/p>\n\n\n\n<p class=\"wp-block-paragraph\">De mes origines roturi\u00e8res, je garde un ancrage visc\u00e9ral dans la terre, le travail et le pragmatisme des corps de m\u00e9tier. Cet h\u00e9ritage populaire, re\u00e7u comme une disposition inn\u00e9e, nourrit chez moi un respect imm\u00e9diat pour le travail de la mati\u00e8re, l\u2019artisanat et l\u2019humilit\u00e9 face au r\u00e9el.<\/p>\n\n\n\n<p class=\"wp-block-paragraph\">De mon ascendance aristocratique<strong>*<\/strong>, marqu\u00e9e par la tradition de la noblesse d\u2019\u00e9p\u00e9e, je tire en contrepoint le sens de la continuit\u00e9 historique et de la verticalit\u00e9. Re\u00e7u non comme un privil\u00e8ge mais comme une exigence, ce legs nourrit mon effort quotidien pour m\u2019accorder aux valeurs de service, de dignit\u00e9 et de responsabilit\u00e9 morale transcendante, traditionnellement attribu\u00e9es \u00e0 la noblesse \u2013 un engagement qui s\u2019exprime dans le devoir de se faire le protecteur et le gardien de ce qui est vuln\u00e9rable.<\/p>\n\n\n\n<p class=\"wp-block-paragraph\">C\u2019est pr\u00e9cis\u00e9ment au point de rencontre de ces deux polarit\u00e9s \u2013 la noblesse de l\u2019esprit et la rigueur de l\u2019artisanat terrestre \u2013 que s\u2019est forg\u00e9e la posture de l\u2019<a href=\"https:\/\/pascal-bouchez-philo.fr\/?page_id=1191\" title=\"Aristan\">Aristan<\/a>. Loin des clivages traditionnels, cette double filiation, v\u00e9cue comme une n\u00e9cessit\u00e9 int\u00e9rieure, \u00e9claire la gen\u00e8se de mes travaux sur la <em>d\u00e9-onto-logie<\/em> et la zoo\u00e9thique, o\u00f9 la qu\u00eate d\u2019une noblesse existentielle s\u2019actualise dans le soin tr\u00e8s concret apport\u00e9 au vivant et \u00e0 la nature.<\/p>\n\n\n\n<p class=\"wp-block-paragraph\"><strong>*<\/strong>\u00a0Ma g\u00e9n\u00e9alogie, tant paternelle que maternelle, fait \u00e9tat d\u2019une parent\u00e9 \u00e9troite avec les familles d\u2019Estr\u00e9es, de Bailliencourt et Quarr\u00e9 de Th\u00e9lus ; maisons blasonn\u00e9es du Nord de la France<\/p>\n\n\n\n<p class=\"wp-block-paragraph\"><\/p>\n","protected":false},"excerpt":{"rendered":"<p>Mon itin\u00e9raire s\u2019articule autour d\u2019une dualit\u00e9 m\u00e9morielle et familiale singuli\u00e8re, o\u00f9 se c\u00f4toient paysans, artisans, ouvriers, commer\u00e7ants et noblesse d\u2019\u00e9p\u00e9e du Nord de la France. Ces influences crois\u00e9es agissent comme un atavisme cr\u00e9ateur \u2013 une de ces empreintes silencieuses o\u00f9 l\u2019histoire des lign\u00e9es, aujourd\u2019hui reconnue pour s\u2019inscrire au plus profond de notre m\u00e9moire biologique, s\u2019exprime [&hellip;]<\/p>\n","protected":false},"author":1,"featured_media":0,"parent":0,"menu_order":0,"comment_status":"closed","ping_status":"closed","template":"","meta":{"om_disable_all_campaigns":false,"_surecart_dashboard_logo_width":"180px","_surecart_dashboard_show_logo":true,"_surecart_dashboard_navigation_orders":true,"_surecart_dashboard_navigation_invoices":true,"_surecart_dashboard_navigation_subscriptions":true,"_surecart_dashboard_navigation_downloads":true,"_surecart_dashboard_navigation_billing":true,"_surecart_dashboard_navigation_account":true,"_monsterinsights_skip_tracking":false,"site-sidebar-layout":"default","site-content-layout":"","ast-site-content-layout":"default","site-content-style":"default","site-sidebar-style":"default","ast-global-header-display":"","ast-banner-title-visibility":"","ast-main-header-display":"","ast-hfb-above-header-display":"","ast-hfb-below-header-display":"","ast-hfb-mobile-header-display":"","site-post-title":"disabled","ast-breadcrumbs-content":"","ast-featured-img":"","footer-sml-layout":"","ast-disable-related-posts":"","theme-transparent-header-meta":"","adv-header-id-meta":"","stick-header-meta":"","header-above-stick-meta":"","header-main-stick-meta":"","header-below-stick-meta":"","astra-migrate-meta-layouts":"set","ast-page-background-enabled":"default","ast-page-background-meta":{"desktop":{"background-color":"","background-image":"","background-repeat":"repeat","background-position":"center center","background-size":"auto","background-attachment":"scroll","background-type":"","background-media":"","overlay-type":"","overlay-color":"","overlay-opacity":"","overlay-gradient":""},"tablet":{"background-color":"","background-image":"","background-repeat":"repeat","background-position":"center center","background-size":"auto","background-attachment":"scroll","background-type":"","background-media":"","overlay-type":"","overlay-color":"","overlay-opacity":"","overlay-gradient":""},"mobile":{"background-color":"","background-image":"","background-repeat":"repeat","background-position":"center center","background-size":"auto","background-attachment":"scroll","background-type":"","background-media":"","overlay-type":"","overlay-color":"","overlay-opacity":"","overlay-gradient":""}},"ast-content-background-meta":{"desktop":{"background-color":"var(--ast-global-color-5)","background-image":"","background-repeat":"repeat","background-position":"center center","background-size":"auto","background-attachment":"scroll","background-type":"","background-media":"","overlay-type":"","overlay-color":"","overlay-opacity":"","overlay-gradient":""},"tablet":{"background-color":"var(--ast-global-color-5)","background-image":"","background-repeat":"repeat","background-position":"center center","background-size":"auto","background-attachment":"scroll","background-type":"","background-media":"","overlay-type":"","overlay-color":"","overlay-opacity":"","overlay-gradient":""},"mobile":{"background-color":"var(--ast-global-color-5)","background-image":"","background-repeat":"repeat","background-position":"center center","background-size":"auto","background-attachment":"scroll","background-type":"","background-media":"","overlay-type":"","overlay-color":"","overlay-opacity":"","overlay-gradient":""}},"footnotes":""},"class_list":["post-1207","page","type-page","status-publish","hentry"],"aioseo_notices":[],"aioseo_head":"\n\t\t<!-- All in One SEO 5.0.0.1 - aioseo.com -->\n\t<meta name=\"description\" content=\"Mon itin\u00e9raire s\u2019articule autour d\u2019une dualit\u00e9 m\u00e9morielle et familiale singuli\u00e8re, o\u00f9 se c\u00f4toient paysans, artisans, ouvriers, commer\u00e7ants et noblesse d\u2019\u00e9p\u00e9e du Nord de la France. Ces influences crois\u00e9es agissent comme un atavisme cr\u00e9ateur \u2013 une de ces empreintes silencieuses o\u00f9 l\u2019histoire des lign\u00e9es, aujourd\u2019hui reconnue pour s\u2019inscrire au plus profond de notre m\u00e9moire biologique, s\u2019exprime\" \/>\n\t<meta name=\"robots\" content=\"max-image-preview:large\" \/>\n\t<link rel=\"canonical\" href=\"https:\/\/pascal-bouchez-philo.fr\/?page_id=1207\" \/>\n\t<meta name=\"generator\" content=\"All in One SEO (AIOSEO) 5.0.0.1\" \/>\n\t\t<meta property=\"og:locale\" content=\"fr_FR\" \/>\n\t\t<meta property=\"og:site_name\" content=\"Chez l&#039;Aristan - Le repaire philosopique\" \/>\n\t\t<meta property=\"og:type\" content=\"article\" \/>\n\t\t<meta property=\"og:title\" content=\"Philo-Gen\u00e8se - Chez l&#039;Aristan\" \/>\n\t\t<meta property=\"og:description\" content=\"Mon itin\u00e9raire s\u2019articule autour d\u2019une dualit\u00e9 m\u00e9morielle et familiale singuli\u00e8re, o\u00f9 se c\u00f4toient paysans, artisans, ouvriers, commer\u00e7ants et noblesse d\u2019\u00e9p\u00e9e du Nord de la France. Ces influences crois\u00e9es agissent comme un atavisme cr\u00e9ateur \u2013 une de ces empreintes silencieuses o\u00f9 l\u2019histoire des lign\u00e9es, aujourd\u2019hui reconnue pour s\u2019inscrire au plus profond de notre m\u00e9moire biologique, s\u2019exprime\" \/>\n\t\t<meta property=\"og:url\" content=\"https:\/\/pascal-bouchez-philo.fr\/?page_id=1207\" \/>\n\t\t<meta property=\"og:image\" content=\"https:\/\/pascal-bouchez-philo.fr\/wp-content\/uploads\/2022\/08\/cropped-cropped-cropped-logo-7.png\" \/>\n\t\t<meta property=\"og:image:secure_url\" content=\"https:\/\/pascal-bouchez-philo.fr\/wp-content\/uploads\/2022\/08\/cropped-cropped-cropped-logo-7.png\" \/>\n\t\t<meta property=\"article:published_time\" content=\"2026-07-17T06:39:53+00:00\" \/>\n\t\t<meta property=\"article:modified_time\" content=\"2026-08-30T06:57:22+00:00\" \/>\n\t\t<meta name=\"twitter:card\" content=\"summary_large_image\" \/>\n\t\t<meta name=\"twitter:title\" content=\"Philo-Gen\u00e8se - Chez l&#039;Aristan\" \/>\n\t\t<meta name=\"twitter:description\" content=\"Mon itin\u00e9raire s\u2019articule autour d\u2019une dualit\u00e9 m\u00e9morielle et familiale singuli\u00e8re, o\u00f9 se c\u00f4toient paysans, artisans, ouvriers, commer\u00e7ants et noblesse d\u2019\u00e9p\u00e9e du Nord de la France. Ces influences crois\u00e9es agissent comme un atavisme cr\u00e9ateur \u2013 une de ces empreintes silencieuses o\u00f9 l\u2019histoire des lign\u00e9es, aujourd\u2019hui reconnue pour s\u2019inscrire au plus profond de notre m\u00e9moire biologique, s\u2019exprime\" \/>\n\t\t<meta name=\"twitter:image\" content=\"https:\/\/pascal-bouchez-philo.fr\/wp-content\/uploads\/2022\/08\/cropped-cropped-cropped-logo-7.png\" \/>\n\t\t<script type=\"application\/ld+json\" class=\"aioseo-schema\">\n\t\t\t{\"@context\":\"https:\\\/\\\/schema.org\",\"@graph\":[{\"@type\":\"BreadcrumbList\",\"@id\":\"https:\\\/\\\/pascal-bouchez-philo.fr\\\/?page_id=1207#breadcrumblist\",\"itemListElement\":[{\"@type\":\"ListItem\",\"@id\":\"https:\\\/\\\/pascal-bouchez-philo.fr#listItem\",\"position\":1,\"name\":\"Home\",\"item\":\"https:\\\/\\\/pascal-bouchez-philo.fr\",\"nextItem\":{\"@type\":\"ListItem\",\"@id\":\"https:\\\/\\\/pascal-bouchez-philo.fr\\\/?page_id=1207#listItem\",\"name\":\"Philo-Gen\\u00e8se\"}},{\"@type\":\"ListItem\",\"@id\":\"https:\\\/\\\/pascal-bouchez-philo.fr\\\/?page_id=1207#listItem\",\"position\":2,\"name\":\"Philo-Gen\\u00e8se\",\"previousItem\":{\"@type\":\"ListItem\",\"@id\":\"https:\\\/\\\/pascal-bouchez-philo.fr#listItem\",\"name\":\"Home\"}}]},{\"@type\":\"Organization\",\"@id\":\"https:\\\/\\\/pascal-bouchez-philo.fr\\\/#organization\",\"name\":\"pascal-bouchez-philo.fr\",\"description\":\"Le repaire philosopique\",\"url\":\"https:\\\/\\\/pascal-bouchez-philo.fr\\\/\",\"logo\":{\"@type\":\"ImageObject\",\"url\":\"https:\\\/\\\/pascal-bouchez-philo.fr\\\/wp-content\\\/uploads\\\/2022\\\/08\\\/cropped-cropped-cropped-logo-7.png\",\"@id\":\"https:\\\/\\\/pascal-bouchez-philo.fr\\\/?page_id=1207\\\/#organizationLogo\",\"width\":106,\"height\":128},\"image\":{\"@id\":\"https:\\\/\\\/pascal-bouchez-philo.fr\\\/?page_id=1207\\\/#organizationLogo\"}},{\"@type\":\"WebPage\",\"@id\":\"https:\\\/\\\/pascal-bouchez-philo.fr\\\/?page_id=1207#webpage\",\"url\":\"https:\\\/\\\/pascal-bouchez-philo.fr\\\/?page_id=1207\",\"name\":\"Philo-Gen\\u00e8se - Chez l'Aristan\",\"description\":\"Mon itin\\u00e9raire s\\u2019articule autour d\\u2019une dualit\\u00e9 m\\u00e9morielle et familiale singuli\\u00e8re, o\\u00f9 se c\\u00f4toient paysans, artisans, ouvriers, commer\\u00e7ants et noblesse d\\u2019\\u00e9p\\u00e9e du Nord de la France. Ces influences crois\\u00e9es agissent comme un atavisme cr\\u00e9ateur \\u2013 une de ces empreintes silencieuses o\\u00f9 l\\u2019histoire des lign\\u00e9es, aujourd\\u2019hui reconnue pour s\\u2019inscrire au plus profond de notre m\\u00e9moire biologique, s\\u2019exprime\",\"inLanguage\":\"fr-FR\",\"isPartOf\":{\"@id\":\"https:\\\/\\\/pascal-bouchez-philo.fr\\\/#website\"},\"breadcrumb\":{\"@id\":\"https:\\\/\\\/pascal-bouchez-philo.fr\\\/?page_id=1207#breadcrumblist\"},\"datePublished\":\"2026-07-17T06:39:53+00:00\",\"dateModified\":\"2026-08-30T06:57:22+00:00\"},{\"@type\":\"WebSite\",\"@id\":\"https:\\\/\\\/pascal-bouchez-philo.fr\\\/#website\",\"url\":\"https:\\\/\\\/pascal-bouchez-philo.fr\\\/\",\"name\":\"Chez l'Aristan\",\"description\":\"Le repaire philosopique\",\"inLanguage\":\"fr-FR\",\"publisher\":{\"@id\":\"https:\\\/\\\/pascal-bouchez-philo.fr\\\/#organization\"}}]}\n\t\t<\/script>\n\t\t<!-- All in One SEO -->\n\n","aioseo_head_json":{"title":"Philo-Gen\u00e8se - Chez l'Aristan","description":"Mon itin\u00e9raire s\u2019articule autour d\u2019une dualit\u00e9 m\u00e9morielle et familiale singuli\u00e8re, o\u00f9 se c\u00f4toient paysans, artisans, ouvriers, commer\u00e7ants et noblesse d\u2019\u00e9p\u00e9e du Nord de la France. Ces influences crois\u00e9es agissent comme un atavisme cr\u00e9ateur \u2013 une de ces empreintes silencieuses o\u00f9 l\u2019histoire des lign\u00e9es, aujourd\u2019hui reconnue pour s\u2019inscrire au plus profond de notre m\u00e9moire biologique, s\u2019exprime","canonical_url":"https:\/\/pascal-bouchez-philo.fr\/?page_id=1207","robots":"max-image-preview:large","keywords":"","webmasterTools":{"miscellaneous":""},"schema":{"@context":"https:\/\/schema.org","@graph":[{"@type":"BreadcrumbList","@id":"https:\/\/pascal-bouchez-philo.fr\/?page_id=1207#breadcrumblist","itemListElement":[{"@type":"ListItem","@id":"https:\/\/pascal-bouchez-philo.fr#listItem","position":1,"name":"Home","item":"https:\/\/pascal-bouchez-philo.fr","nextItem":{"@type":"ListItem","@id":"https:\/\/pascal-bouchez-philo.fr\/?page_id=1207#listItem","name":"Philo-Gen\u00e8se"}},{"@type":"ListItem","@id":"https:\/\/pascal-bouchez-philo.fr\/?page_id=1207#listItem","position":2,"name":"Philo-Gen\u00e8se","previousItem":{"@type":"ListItem","@id":"https:\/\/pascal-bouchez-philo.fr#listItem","name":"Home"}}]},{"@type":"Organization","@id":"https:\/\/pascal-bouchez-philo.fr\/#organization","name":"pascal-bouchez-philo.fr","description":"Le repaire philosopique","url":"https:\/\/pascal-bouchez-philo.fr\/","logo":{"@type":"ImageObject","url":"https:\/\/pascal-bouchez-philo.fr\/wp-content\/uploads\/2022\/08\/cropped-cropped-cropped-logo-7.png","@id":"https:\/\/pascal-bouchez-philo.fr\/?page_id=1207\/#organizationLogo","width":106,"height":128},"image":{"@id":"https:\/\/pascal-bouchez-philo.fr\/?page_id=1207\/#organizationLogo"}},{"@type":"WebPage","@id":"https:\/\/pascal-bouchez-philo.fr\/?page_id=1207#webpage","url":"https:\/\/pascal-bouchez-philo.fr\/?page_id=1207","name":"Philo-Gen\u00e8se - Chez l'Aristan","description":"Mon itin\u00e9raire s\u2019articule autour d\u2019une dualit\u00e9 m\u00e9morielle et familiale singuli\u00e8re, o\u00f9 se c\u00f4toient paysans, artisans, ouvriers, commer\u00e7ants et noblesse d\u2019\u00e9p\u00e9e du Nord de la France. Ces influences crois\u00e9es agissent comme un atavisme cr\u00e9ateur \u2013 une de ces empreintes silencieuses o\u00f9 l\u2019histoire des lign\u00e9es, aujourd\u2019hui reconnue pour s\u2019inscrire au plus profond de notre m\u00e9moire biologique, s\u2019exprime","inLanguage":"fr-FR","isPartOf":{"@id":"https:\/\/pascal-bouchez-philo.fr\/#website"},"breadcrumb":{"@id":"https:\/\/pascal-bouchez-philo.fr\/?page_id=1207#breadcrumblist"},"datePublished":"2026-07-17T06:39:53+00:00","dateModified":"2026-08-30T06:57:22+00:00"},{"@type":"WebSite","@id":"https:\/\/pascal-bouchez-philo.fr\/#website","url":"https:\/\/pascal-bouchez-philo.fr\/","name":"Chez l'Aristan","description":"Le repaire philosopique","inLanguage":"fr-FR","publisher":{"@id":"https:\/\/pascal-bouchez-philo.fr\/#organization"}}]},"og:locale":"fr_FR","og:site_name":"Chez l'Aristan - Le repaire philosopique","og:type":"article","og:title":"Philo-Gen\u00e8se - Chez l'Aristan","og:description":"Mon itin\u00e9raire s\u2019articule autour d\u2019une dualit\u00e9 m\u00e9morielle et familiale singuli\u00e8re, o\u00f9 se c\u00f4toient paysans, artisans, ouvriers, commer\u00e7ants et noblesse d\u2019\u00e9p\u00e9e du Nord de la France. Ces influences crois\u00e9es agissent comme un atavisme cr\u00e9ateur \u2013 une de ces empreintes silencieuses o\u00f9 l\u2019histoire des lign\u00e9es, aujourd\u2019hui reconnue pour s\u2019inscrire au plus profond de notre m\u00e9moire biologique, s\u2019exprime","og:url":"https:\/\/pascal-bouchez-philo.fr\/?page_id=1207","og:image":"https:\/\/pascal-bouchez-philo.fr\/wp-content\/uploads\/2022\/08\/cropped-cropped-cropped-logo-7.png","og:image:secure_url":"https:\/\/pascal-bouchez-philo.fr\/wp-content\/uploads\/2022\/08\/cropped-cropped-cropped-logo-7.png","article:published_time":"2026-07-17T06:39:53+00:00","article:modified_time":"2026-08-30T06:57:22+00:00","twitter:card":"summary_large_image","twitter:title":"Philo-Gen\u00e8se - Chez l'Aristan","twitter:description":"Mon itin\u00e9raire s\u2019articule autour d\u2019une dualit\u00e9 m\u00e9morielle et familiale singuli\u00e8re, o\u00f9 se c\u00f4toient paysans, artisans, ouvriers, commer\u00e7ants et noblesse d\u2019\u00e9p\u00e9e du Nord de la France. Ces influences crois\u00e9es agissent comme un atavisme cr\u00e9ateur \u2013 une de ces empreintes silencieuses o\u00f9 l\u2019histoire des lign\u00e9es, aujourd\u2019hui reconnue pour s\u2019inscrire au plus profond de notre m\u00e9moire biologique, s\u2019exprime","twitter:image":"https:\/\/pascal-bouchez-philo.fr\/wp-content\/uploads\/2022\/08\/cropped-cropped-cropped-logo-7.png"},"aioseo_meta_data":{"post_id":"1207","title":null,"description":null,"keywords":null,"keyphrases":{"focus":{"keyphrase":"","score":0,"analysis":{"keyphraseInTitle":{"score":0,"maxScore":9,"error":1}}},"additional":[]},"primary_term":null,"canonical_url":null,"og_title":null,"og_description":null,"og_object_type":"default","og_image_type":"default","og_image_url":null,"og_image_width":null,"og_image_height":null,"og_image_custom_url":null,"og_image_custom_fields":null,"og_video":"","og_custom_url":null,"og_article_section":null,"og_article_tags":null,"twitter_use_og":false,"twitter_card":"default","twitter_image_type":"default","twitter_image_url":null,"twitter_image_custom_url":null,"twitter_image_custom_fields":null,"twitter_title":null,"twitter_description":null,"schema":{"blockGraphs":[],"customGraphs":[],"default":{"data":{"Article":[],"Course":[],"Dataset":[],"FAQPage":[],"Movie":[],"Person":[],"Product":[],"ProductReview":[],"Car":[],"Recipe":[],"Service":[],"SoftwareApplication":[],"WebPage":[]},"graphName":"WebPage","isEnabled":true},"graphs":[]},"schema_type":"default","schema_type_options":null,"pillar_content":false,"robots_default":true,"robots_noindex":false,"robots_noarchive":false,"robots_nosnippet":false,"robots_nofollow":false,"robots_noimageindex":false,"robots_noodp":false,"robots_notranslate":false,"robots_max_snippet":"-1","robots_max_videopreview":"-1","robots_max_imagepreview":"large","priority":null,"frequency":"default","local_seo":null,"breadcrumb_settings":null,"limit_modified_date":false,"ai":{"faqs":[],"keyPoints":[],"schemas":[],"titles":[],"descriptions":[],"socialPosts":{"email":{"subject":"","preview":"","content":""},"linkedin":[],"twitter":[],"facebook":[],"instagram":[]}},"created":"2026-07-17 06:24:05","updated":"2026-08-30 07:04:54","seo_analyzer_scan_date":null,"focus_keyword":null,"additional_keywords":null,"truseo_locale":null},"aioseo_breadcrumb":"<div class=\"aioseo-breadcrumbs\"><span class=\"aioseo-breadcrumb\">\n\t\t\t<a href=\"https:\/\/pascal-bouchez-philo.fr\" title=\"Home\">Home<\/a>\n\t\t<\/span><span class=\"aioseo-breadcrumb-separator\">&raquo;<\/span><span class=\"aioseo-breadcrumb\">\n\t\t\tPhilo-Gen\u00e8se\n\t\t<\/span><\/div>","aioseo_breadcrumb_json":[{"label":"Home","link":"https:\/\/pascal-bouchez-philo.fr"},{"label":"Philo-Gen\u00e8se","link":"https:\/\/pascal-bouchez-philo.fr\/?page_id=1207"}],"_links":{"self":[{"href":"https:\/\/pascal-bouchez-philo.fr\/index.php?rest_route=\/wp\/v2\/pages\/1207","targetHints":{"allow":["GET"]}}],"collection":[{"href":"https:\/\/pascal-bouchez-philo.fr\/index.php?rest_route=\/wp\/v2\/pages"}],"about":[{"href":"https:\/\/pascal-bouchez-philo.fr\/index.php?rest_route=\/wp\/v2\/types\/page"}],"author":[{"embeddable":true,"href":"https:\/\/pascal-bouchez-philo.fr\/index.php?rest_route=\/wp\/v2\/users\/1"}],"replies":[{"embeddable":true,"href":"https:\/\/pascal-bouchez-philo.fr\/index.php?rest_route=%2Fwp%2Fv2%2Fcomments&post=1207"}],"version-history":[{"count":36,"href":"https:\/\/pascal-bouchez-philo.fr\/index.php?rest_route=\/wp\/v2\/pages\/1207\/revisions"}],"predecessor-version":[{"id":1547,"href":"https:\/\/pascal-bouchez-philo.fr\/index.php?rest_route=\/wp\/v2\/pages\/1207\/revisions\/1547"}],"wp:attachment":[{"href":"https:\/\/pascal-bouchez-philo.fr\/index.php?rest_route=%2Fwp%2Fv2%2Fmedia&parent=1207"}],"curies":[{"name":"wp","href":"https:\/\/api.w.org\/{rel}","templated":true}]}}